{"id":249,"date":"2020-10-17T23:15:55","date_gmt":"2020-10-17T21:15:55","guid":{"rendered":"http:\/\/ecocityzen.fr\/?post_type=fportfolio&#038;p=249"},"modified":"2024-10-14T10:53:25","modified_gmt":"2024-10-14T08:53:25","slug":"organisation-des-defis-famille-zero-dechet","status":"publish","type":"fportfolio","link":"https:\/\/ecocityzen.fr\/index.php\/fportfolio\/organisation-des-defis-famille-zero-dechet\/","title":{"rendered":"Organisation des D\u00e9fis Famille z\u00e9ro d\u00e9chet"},"content":{"rendered":"\n<p>Depuis 2019 nous avons organis\u00e9, suivi et anim\u00e9 <strong>pr\u00e8s d&rsquo;une trentaine de d\u00e9fis z\u00e9ro d\u00e9chet <\/strong>sur plusieurs Territoires.\u00a0Pr\u00e8s de <strong>2000 familles participantes<\/strong> et plus de <strong>30 tonnes de d\u00e9chets<\/strong> ainsi d\u00e9tourn\u00e9es de\u00a0l&rsquo;incin\u00e9ration.<\/p>\n\n\n\n<figure class=\"wp-block-image size-large is-resized\"><img loading=\"lazy\" src=\"http:\/\/ecocityzen.fr\/wp-content\/uploads\/2020\/10\/JPLeNai38-1-1024x684.jpg\" alt=\"\" class=\"wp-image-256\" width=\"640\" height=\"427\" srcset=\"https:\/\/ecocityzen.fr\/wp-content\/uploads\/2020\/10\/JPLeNai38-1-1024x684.jpg 1024w, https:\/\/ecocityzen.fr\/wp-content\/uploads\/2020\/10\/JPLeNai38-1-300x200.jpg 300w, https:\/\/ecocityzen.fr\/wp-content\/uploads\/2020\/10\/JPLeNai38-1-768x513.jpg 768w, https:\/\/ecocityzen.fr\/wp-content\/uploads\/2020\/10\/JPLeNai38-1-1536x1025.jpg 1536w, https:\/\/ecocityzen.fr\/wp-content\/uploads\/2020\/10\/JPLeNai38-1-2048x1367.jpg 2048w, https:\/\/ecocityzen.fr\/wp-content\/uploads\/2020\/10\/JPLeNai38-1-1920x1282.jpg 1920w\" sizes=\"(max-width: 640px) 100vw, 640px\" \/><figcaption>Lancement du D\u00e9fi Familles z\u00e9ro d\u00e9chet de Saint-Maurice<\/figcaption><\/figure>\n\n\n\n<figure class=\"wp-block-image size-large\"><img loading=\"lazy\" width=\"1024\" height=\"768\" src=\"http:\/\/ecocityzen.fr\/wp-content\/uploads\/2020\/10\/IMG_0886-1-1024x768.jpg\" alt=\"\" class=\"wp-image-252\" srcset=\"https:\/\/ecocityzen.fr\/wp-content\/uploads\/2020\/10\/IMG_0886-1-1024x768.jpg 1024w, https:\/\/ecocityzen.fr\/wp-content\/uploads\/2020\/10\/IMG_0886-1-300x225.jpg 300w, https:\/\/ecocityzen.fr\/wp-content\/uploads\/2020\/10\/IMG_0886-1-768x576.jpg 768w, https:\/\/ecocityzen.fr\/wp-content\/uploads\/2020\/10\/IMG_0886-1-1536x1152.jpg 1536w, https:\/\/ecocityzen.fr\/wp-content\/uploads\/2020\/10\/IMG_0886-1-2048x1536.jpg 2048w, https:\/\/ecocityzen.fr\/wp-content\/uploads\/2020\/10\/IMG_0886-1-1920x1440.jpg 1920w\" sizes=\"(max-width: 1024px) 100vw, 1024px\" \/><figcaption>Le podium du D\u00e9fi Familles z\u00e9ro d\u00e9chet du Perreux sur Marne<\/figcaption><\/figure>\n\n\n\n<figure class=\"wp-block-image size-large is-resized\"><img loading=\"lazy\" src=\"http:\/\/ecocityzen.fr\/wp-content\/uploads\/2020\/10\/IMG_0874-1-1024x683.jpg\" alt=\"\" class=\"wp-image-251\" width=\"667\" height=\"444\" srcset=\"https:\/\/ecocityzen.fr\/wp-content\/uploads\/2020\/10\/IMG_0874-1-1024x683.jpg 1024w, https:\/\/ecocityzen.fr\/wp-content\/uploads\/2020\/10\/IMG_0874-1-300x200.jpg 300w, https:\/\/ecocityzen.fr\/wp-content\/uploads\/2020\/10\/IMG_0874-1-768x512.jpg 768w, https:\/\/ecocityzen.fr\/wp-content\/uploads\/2020\/10\/IMG_0874-1-1536x1024.jpg 1536w, https:\/\/ecocityzen.fr\/wp-content\/uploads\/2020\/10\/IMG_0874-1-2048x1365.jpg 2048w, https:\/\/ecocityzen.fr\/wp-content\/uploads\/2020\/10\/IMG_0874-1-1920x1280.jpg 1920w\" sizes=\"(max-width: 667px) 100vw, 667px\" \/><figcaption>Soir\u00e9e de cl\u00f4ture au Perreux : les foyers ont r\u00e9duit le poids de leurs poubelle en moyenne de 38%<\/figcaption><\/figure>\n\n\n\n<figure class=\"wp-block-image size-large\"><img loading=\"lazy\" width=\"1024\" height=\"683\" src=\"http:\/\/ecocityzen.fr\/wp-content\/uploads\/2020\/11\/IMG_0872-1024x683.jpg\" alt=\"\" class=\"wp-image-429\" srcset=\"https:\/\/ecocityzen.fr\/wp-content\/uploads\/2020\/11\/IMG_0872-1024x683.jpg 1024w, https:\/\/ecocityzen.fr\/wp-content\/uploads\/2020\/11\/IMG_0872-300x200.jpg 300w, https:\/\/ecocityzen.fr\/wp-content\/uploads\/2020\/11\/IMG_0872-768x512.jpg 768w, https:\/\/ecocityzen.fr\/wp-content\/uploads\/2020\/11\/IMG_0872-1536x1024.jpg 1536w, https:\/\/ecocityzen.fr\/wp-content\/uploads\/2020\/11\/IMG_0872-2048x1365.jpg 2048w, https:\/\/ecocityzen.fr\/wp-content\/uploads\/2020\/11\/IMG_0872-1920x1280.jpg 1920w\" sizes=\"(max-width: 1024px) 100vw, 1024px\" \/><\/figure>\n\n\n\n<figure class=\"wp-block-image size-large\"><img loading=\"lazy\" width=\"1024\" height=\"768\" src=\"http:\/\/ecocityzen.fr\/wp-content\/uploads\/2020\/11\/Soiree-cloture-Defi-famille-zero-dechets-sans-elu-13-1024x768.jpg\" alt=\"\" class=\"wp-image-430\" srcset=\"https:\/\/ecocityzen.fr\/wp-content\/uploads\/2020\/11\/Soiree-cloture-Defi-famille-zero-dechets-sans-elu-13-1024x768.jpg 1024w, https:\/\/ecocityzen.fr\/wp-content\/uploads\/2020\/11\/Soiree-cloture-Defi-famille-zero-dechets-sans-elu-13-300x225.jpg 300w, https:\/\/ecocityzen.fr\/wp-content\/uploads\/2020\/11\/Soiree-cloture-Defi-famille-zero-dechets-sans-elu-13-768x576.jpg 768w, https:\/\/ecocityzen.fr\/wp-content\/uploads\/2020\/11\/Soiree-cloture-Defi-famille-zero-dechets-sans-elu-13-1536x1152.jpg 1536w, https:\/\/ecocityzen.fr\/wp-content\/uploads\/2020\/11\/Soiree-cloture-Defi-famille-zero-dechets-sans-elu-13-2048x1536.jpg 2048w, https:\/\/ecocityzen.fr\/wp-content\/uploads\/2020\/11\/Soiree-cloture-Defi-famille-zero-dechets-sans-elu-13-1920x1440.jpg 1920w\" sizes=\"(max-width: 1024px) 100vw, 1024px\" \/><figcaption>Remise des dipl\u00f4mes lors de la soir\u00e9e de cl\u00f4ture du D\u00e9fi de Charenton-le-Pont<\/figcaption><\/figure>\n","protected":false},"author":1,"featured_media":257,"parent":0,"comment_status":"closed","ping_status":"closed","template":"","fportfoliocat":[],"yoast_head":"<!-- This site is optimized with the Yoast SEO plugin v15.2.1 - https:\/\/yoast.com\/wordpress\/plugins\/seo\/ -->\n<title>Organisation des D\u00e9fis Famille z\u00e9ro d\u00e9chet - Ecocityzen<\/title>\n<meta name=\"robots\" content=\"index, follow, max-snippet:-1, max-image-preview:large, max-video-preview:-1\" \/>\n<link rel=\"canonical\" href=\"https:\/\/ecocityzen.fr\/index.php\/fportfolio\/organisation-des-defis-famille-zero-dechet\/\" \/>\n<meta property=\"og:locale\" content=\"fr_FR\" \/>\n<meta property=\"og:type\" content=\"article\" \/>\n<meta property=\"og:title\" content=\"Organisation des D\u00e9fis Famille z\u00e9ro d\u00e9chet - Ecocityzen\" \/>\n<meta property=\"og:description\" content=\"Depuis 2019 nous avons organis\u00e9, suivi et anim\u00e9 pr\u00e8s d&rsquo;une trentaine de d\u00e9fis z\u00e9ro d\u00e9chet sur plusieurs Territoires.\u00a0Pr\u00e8s de 2000 familles participantes et plus de 30 tonnes de d\u00e9chets ainsi d\u00e9tourn\u00e9es de\u00a0l&rsquo;incin\u00e9ration.\" \/>\n<meta property=\"og:url\" content=\"https:\/\/ecocityzen.fr\/index.php\/fportfolio\/organisation-des-defis-famille-zero-dechet\/\" \/>\n<meta property=\"og:site_name\" content=\"Ecocityzen\" \/>\n<meta property=\"article:modified_time\" content=\"2024-10-14T08:53:25+00:00\" \/>\n<meta property=\"og:image\" content=\"https:\/\/ecocityzen.fr\/wp-content\/uploads\/2020\/10\/Lancement-St-Mande-4-1-scaled.jpg\" \/>\n\t<meta property=\"og:image:width\" content=\"2560\" \/>\n\t<meta property=\"og:image:height\" content=\"1213\" \/>\n<meta name=\"twitter:card\" content=\"summary_large_image\" \/>\n<script type=\"application\/ld+json\" class=\"yoast-schema-graph\">{\"@context\":\"https:\/\/schema.org\",\"@graph\":[{\"@type\":\"WebSite\",\"@id\":\"https:\/\/ecocityzen.fr\/#website\",\"url\":\"https:\/\/ecocityzen.fr\/\",\"name\":\"Ecocityzen\",\"description\":\"Devenez acteurs de la ville durable\",\"potentialAction\":[{\"@type\":\"SearchAction\",\"target\":\"https:\/\/ecocityzen.fr\/?s={search_term_string}\",\"query-input\":\"required name=search_term_string\"}],\"inLanguage\":\"fr-FR\"},{\"@type\":\"ImageObject\",\"@id\":\"https:\/\/ecocityzen.fr\/index.php\/fportfolio\/organisation-des-defis-famille-zero-dechet\/#primaryimage\",\"inLanguage\":\"fr-FR\",\"url\":\"https:\/\/ecocityzen.fr\/wp-content\/uploads\/2020\/10\/Lancement-St-Mande-4-1-scaled.jpg\",\"width\":2560,\"height\":1213},{\"@type\":\"WebPage\",\"@id\":\"https:\/\/ecocityzen.fr\/index.php\/fportfolio\/organisation-des-defis-famille-zero-dechet\/#webpage\",\"url\":\"https:\/\/ecocityzen.fr\/index.php\/fportfolio\/organisation-des-defis-famille-zero-dechet\/\",\"name\":\"Organisation des D\\u00e9fis Famille z\\u00e9ro d\\u00e9chet - Ecocityzen\",\"isPartOf\":{\"@id\":\"https:\/\/ecocityzen.fr\/#website\"},\"primaryImageOfPage\":{\"@id\":\"https:\/\/ecocityzen.fr\/index.php\/fportfolio\/organisation-des-defis-famille-zero-dechet\/#primaryimage\"},\"datePublished\":\"2020-10-17T21:15:55+00:00\",\"dateModified\":\"2024-10-14T08:53:25+00:00\",\"inLanguage\":\"fr-FR\",\"potentialAction\":[{\"@type\":\"ReadAction\",\"target\":[\"https:\/\/ecocityzen.fr\/index.php\/fportfolio\/organisation-des-defis-famille-zero-dechet\/\"]}]}]}<\/script>\n<!-- \/ Yoast SEO plugin. -->","_links":{"self":[{"href":"https:\/\/ecocityzen.fr\/index.php\/wp-json\/wp\/v2\/fportfolio\/249"}],"collection":[{"href":"https:\/\/ecocityzen.fr\/index.php\/wp-json\/wp\/v2\/fportfolio"}],"about":[{"href":"https:\/\/ecocityzen.fr\/index.php\/wp-json\/wp\/v2\/types\/fportfolio"}],"author":[{"embeddable":true,"href":"https:\/\/ecocityzen.fr\/index.php\/wp-json\/wp\/v2\/users\/1"}],"replies":[{"embeddable":true,"href":"https:\/\/ecocityzen.fr\/index.php\/wp-json\/wp\/v2\/comments?post=249"}],"version-history":[{"count":9,"href":"https:\/\/ecocityzen.fr\/index.php\/wp-json\/wp\/v2\/fportfolio\/249\/revisions"}],"predecessor-version":[{"id":829,"href":"https:\/\/ecocityzen.fr\/index.php\/wp-json\/wp\/v2\/fportfolio\/249\/revisions\/829"}],"wp:featuredmedia":[{"embeddable":true,"href":"https:\/\/ecocityzen.fr\/index.php\/wp-json\/wp\/v2\/media\/257"}],"wp:attachment":[{"href":"https:\/\/ecocityzen.fr\/index.php\/wp-json\/wp\/v2\/media?parent=249"}],"wp:term":[{"taxonomy":"fportfoliocat","embeddable":true,"href":"https:\/\/ecocityzen.fr\/index.php\/wp-json\/wp\/v2\/fportfoliocat?post=249"}],"curies":[{"name":"wp","href":"https:\/\/api.w.org\/{rel}","templated":true}]}}